{"id":9,"date":"2023-08-24T14:23:47","date_gmt":"2023-08-24T12:23:47","guid":{"rendered":"https:\/\/cpid.fr\/?page_id=9"},"modified":"2025-07-19T14:52:34","modified_gmt":"2025-07-19T12:52:34","slug":"activities","status":"publish","type":"page","link":"https:\/\/cpid.fr\/index.php\/activities\/","title":{"rendered":"Dans les m\u00e9dias"},"content":{"rendered":"\n<figure class=\"wp-block-image size-full\"><img fetchpriority=\"high\" decoding=\"async\" width=\"373\" height=\"135\" src=\"https:\/\/cpid.fr\/wp-content\/uploads\/2025\/07\/download.png\" alt=\"\" class=\"wp-image-486\" srcset=\"https:\/\/cpid.fr\/wp-content\/uploads\/2025\/07\/download.png 373w, https:\/\/cpid.fr\/wp-content\/uploads\/2025\/07\/download-300x109.png 300w\" sizes=\"(max-width: 373px) 100vw, 373px\" \/><\/figure>\n\n\n\n<h5 class=\"wp-block-heading\"><a href=\"https:\/\/www.ouest-france.fr\/reflexion\/tribune-iran-ni-guerre-ni-complaisance-une-troisieme-voie-existe-da17991a-5e6e-11f0-8558-0ae2f4ad4dbf?\">12-13 julliet 2025<\/a><\/h5>\n\n\n\n<figure class=\"wp-block-image size-large\"><a href=\"https:\/\/www.ouest-france.fr\/reflexion\/tribune-iran-ni-guerre-ni-complaisance-une-troisieme-voie-existe-da17991a-5e6e-11f0-8558-0ae2f4ad4dbf?\"><img decoding=\"async\" width=\"1024\" height=\"653\" src=\"https:\/\/cpid.fr\/wp-content\/uploads\/2025\/07\/Ouest-France-CPID-1024x653.png\" alt=\"\" class=\"wp-image-484\" srcset=\"https:\/\/cpid.fr\/wp-content\/uploads\/2025\/07\/Ouest-France-CPID-1024x653.png 1024w, https:\/\/cpid.fr\/wp-content\/uploads\/2025\/07\/Ouest-France-CPID-300x191.png 300w, https:\/\/cpid.fr\/wp-content\/uploads\/2025\/07\/Ouest-France-CPID-768x490.png 768w, https:\/\/cpid.fr\/wp-content\/uploads\/2025\/07\/Ouest-France-CPID-80x50.png 80w, https:\/\/cpid.fr\/wp-content\/uploads\/2025\/07\/Ouest-France-CPID.png 1177w\" sizes=\"(max-width: 1024px) 100vw, 1024px\" \/><\/a><\/figure>\n\n\n\n<hr class=\"wp-block-separator has-alpha-channel-opacity is-style-wide\"\/>\n\n\n\n<figure class=\"wp-block-image size-full is-resized\"><img decoding=\"async\" width=\"640\" height=\"358\" src=\"https:\/\/cpid.fr\/wp-content\/uploads\/2025\/07\/Agence_France-Presse_Logo.svg_.png\" alt=\"\" class=\"wp-image-469\" style=\"width:336px;height:auto\" srcset=\"https:\/\/cpid.fr\/wp-content\/uploads\/2025\/07\/Agence_France-Presse_Logo.svg_.png 640w, https:\/\/cpid.fr\/wp-content\/uploads\/2025\/07\/Agence_France-Presse_Logo.svg_-300x168.png 300w\" sizes=\"(max-width: 640px) 100vw, 640px\" \/><\/figure>\n\n\n\n<h2 class=\"wp-block-heading\"><strong>Iran: 159 d\u00e9put\u00e9s fran\u00e7ais appellent \u00e0 une \u00ab&nbsp;alternative d\u00e9mocratique&nbsp;\u00bb<\/strong><\/h2>\n\n\n\n<p><a href=\"https:\/\/www.mediapart.fr\/biographie\/agence-france-presse\" target=\"_blank\" rel=\"noreferrer noopener\">Agence France-Presse<\/a><\/p>\n\n\n\n<p><strong>8 juillet 2025 \u00e0 18h27<\/strong><\/p>\n\n\n\n<p>Quelque 159 d\u00e9put\u00e9s d\u00e9put\u00e9s fran\u00e7ais ont appel\u00e9 dans une d\u00e9claration \u00e0 soutenir \u00ab&nbsp;une alternative d\u00e9mocratique&nbsp;\u00bb en Iran, a annonc\u00e9 mardi le Comit\u00e9 parlementaire pour un Iran d\u00e9mocratique (CPID) qui les r\u00e9unit.<\/p>\n\n\n\n<p>\u00ab&nbsp;Nous ne pouvons pas rester les bras crois\u00e9s \u00e0 regarder ce r\u00e9gime sanguinaire poursuivre les op\u00e9rations contre la d\u00e9mocratie&nbsp;\u00bb, a d\u00e9clar\u00e9 la d\u00e9put\u00e9 \u00e9cologiste Christine Arrighi. \u00ab&nbsp;Nous soutenons de fa\u00e7on extr\u00eamement convaincue l\u2019alternative possible en Iran&nbsp;\u00bb, a-t-elle ajout\u00e9.<\/p>\n\n\n\n<p>Parmi les signataires figurent le d\u00e9put\u00e9 LR (droite) Philippe Gosselin ou encore le d\u00e9put\u00e9 socialiste Herv\u00e9 Saulignac.<\/p>\n\n\n\n<p>Les d\u00e9put\u00e9s pr\u00e9sents devant l\u2019Assembl\u00e9e nationale ont soulign\u00e9 le caract\u00e8re transpartisan de cette d\u00e9claration et la n\u00e9cessit\u00e9 d\u2019un \u00ab&nbsp;Iran d\u00e9mocratique&nbsp;\u00bb sans \u00ab&nbsp;Shah ni Mollahs&nbsp;\u00bb, selon Jean-Pierre Brard, ancien d\u00e9put\u00e9 et membre du comit\u00e9.<\/p>\n\n\n\n<p>Cr\u00e9\u00e9 en 2008, le CPID rassemble des d\u00e9put\u00e9s et s\u00e9nateurs fran\u00e7ais de diverses tendances politiques, et m\u00e8ne des actions de sensibilisation pour promouvoir le respect des droits de l\u2019homme en Iran et plaider pour l\u2019instauration d\u2019un r\u00e9gime d\u00e9mocratique.<\/p>\n\n\n\n<p>Rappelant le soutien du comit\u00e9 \u00e0 l\u2019Organisation des Moudjahidines du peuple (MEK), mouvement d\u2019opposition en exil, les d\u00e9put\u00e9s ont alert\u00e9 sur une \u00ab&nbsp;r\u00e9pression s\u00e9v\u00e8re&nbsp;\u00bb o\u00f9 \u00ab&nbsp;tous les opposants et les femmes qui se battent pour la libert\u00e9 (&#8230;) risquent l\u2019emprisonnement et risquent leur vie&nbsp;\u00bb.<\/p>\n\n\n\n<p>\u00c0 quelques pas, une centaine de portraits de citoyens iraniens ex\u00e9cut\u00e9s lors des vagues de r\u00e9pression de la R\u00e9publique islamique \u00e9taient expos\u00e9s.<\/p>\n\n\n\n<p>Une initiative port\u00e9e par le Comit\u00e9 de soutien aux droits de l\u2019homme en Iran, qui m\u00e8ne une campagne de sensibilisation en France sur les ex\u00e9cutions en Iran.<\/p>\n\n\n\n<p>\u00ab&nbsp;On m\u00e8ne une campagne sans cesse, sans rel\u00e2che, pour d\u00e9noncer ce qui se passe en Iran, les violations graves des droits de l\u2019homme, les ex\u00e9cutions massives, la torture, la prison \u00e9pid\u00e9mique&nbsp;\u00bb, confie Hamid Assadollahi, membre du comit\u00e9.<\/p>\n\n\n\n<p>\u00ab&nbsp;Nika Shakarami, 17, tomb\u00e9e pour la libert\u00e9, soul\u00e8vement en Iran 2022&nbsp;\u00bb; \u00ab&nbsp;Saeed Rezaei, tomb\u00e9 pour la libert\u00e9, soul\u00e8vement en Iran 2019&nbsp;\u00bb&nbsp;: passants et membres du comit\u00e9 naviguent entre les portraits des citoyens ex\u00e9cut\u00e9s.<\/p>\n\n\n\n<p>Parmi eux, Shokoufeh, originaire du nord-est iranien et ancienne d\u00e9tenue aujourd\u2019hui r\u00e9fugi\u00e9e en France, observe attentivement chaque visage comm\u00e9mor\u00e9&nbsp;: \u00ab&nbsp;On ne doit pas fermer les yeux, je n\u2019ai pas peur de ce r\u00e9gime&nbsp;\u00bb, affirme-t-elle.<\/p>\n\n\n\n<p>\u00ab&nbsp;On sera ensemble, main dans la main, jusqu\u2019au renversement de ce r\u00e9gime, pour avoir une r\u00e9publique d\u00e9mocratique, la\u00efque, sans ex\u00e9cutions&nbsp;\u00bb, t\u00e9moigne-t-elle.<\/p>\n\n\n\n<p>Selon l\u2019ONG Iran Human Rights (IHR), l\u2019Iran a ex\u00e9cut\u00e9 617 prisonniers, pour diverses accusations, depuis le d\u00e9but de l\u2019ann\u00e9e.<\/p>\n\n\n\n<p><a href=\"https:\/\/www.mediapart.fr\/biographie\/agence-france-presse\" target=\"_blank\" rel=\"noreferrer noopener\">Agence France-Presse<\/a><\/p>\n\n\n\n<figure class=\"wp-block-image size-large\"><img loading=\"lazy\" decoding=\"async\" width=\"1024\" height=\"683\" src=\"https:\/\/cpid.fr\/wp-content\/uploads\/2025\/07\/4E0A8864-R-1024x683.jpg\" alt=\"\" class=\"wp-image-473\" srcset=\"https:\/\/cpid.fr\/wp-content\/uploads\/2025\/07\/4E0A8864-R-1024x683.jpg 1024w, https:\/\/cpid.fr\/wp-content\/uploads\/2025\/07\/4E0A8864-R-300x200.jpg 300w, https:\/\/cpid.fr\/wp-content\/uploads\/2025\/07\/4E0A8864-R-768x512.jpg 768w, https:\/\/cpid.fr\/wp-content\/uploads\/2025\/07\/4E0A8864-R.jpg 1536w\" sizes=\"(max-width: 1024px) 100vw, 1024px\" \/><\/figure>\n\n\n\n<figure class=\"wp-block-image size-large\"><img loading=\"lazy\" decoding=\"async\" width=\"1024\" height=\"598\" src=\"https:\/\/cpid.fr\/wp-content\/uploads\/2025\/07\/CPID-Press-1024x598.jpg\" alt=\"\" class=\"wp-image-472\" srcset=\"https:\/\/cpid.fr\/wp-content\/uploads\/2025\/07\/CPID-Press-1024x598.jpg 1024w, https:\/\/cpid.fr\/wp-content\/uploads\/2025\/07\/CPID-Press-300x175.jpg 300w, https:\/\/cpid.fr\/wp-content\/uploads\/2025\/07\/CPID-Press-768x449.jpg 768w, https:\/\/cpid.fr\/wp-content\/uploads\/2025\/07\/CPID-Press.jpg 1480w\" sizes=\"(max-width: 1024px) 100vw, 1024px\" \/><\/figure>\n\n\n\n<hr class=\"wp-block-separator has-alpha-channel-opacity is-style-wide\"\/>\n\n\n\n<p class=\"has-medium-font-size\"><strong>Soutenir la libert\u00e9, la R\u00e9sistance en Iran et la paix dans le monde<br><\/strong><\/p>\n\n\n\n<div data-wp-interactive=\"core\/file\" class=\"wp-block-file\"><object data-wp-bind--hidden=\"!state.hasPdfPreview\" hidden class=\"wp-block-file__embed\" data=\"https:\/\/cpid.fr\/wp-content\/uploads\/2024\/05\/IN-page-iran.pdf\" type=\"application\/pdf\" style=\"width:100%;height:600px\" aria-label=\"Embed of IN-page-iran.\"><\/object><a id=\"wp-block-file--media-7c3adb20-c58d-4f43-b0c4-776a8408ef92\" href=\"https:\/\/cpid.fr\/wp-content\/uploads\/2024\/05\/IN-page-iran.pdf\">IN-page-iran<\/a><a href=\"https:\/\/cpid.fr\/wp-content\/uploads\/2024\/05\/IN-page-iran.pdf\" class=\"wp-block-file__button wp-element-button\" download aria-describedby=\"wp-block-file--media-7c3adb20-c58d-4f43-b0c4-776a8408ef92\">Download<\/a><\/div>\n\n\n\n<hr class=\"wp-block-separator has-alpha-channel-opacity is-style-wide\"\/>\n\n\n<div class=\"wp-block-image\">\n<figure class=\"aligncenter size-large is-resized\"><a href=\"https:\/\/www.lefigaro.fr\/flash-actu\/iran-plus-de-360-parlementaires-francais-soutiennent-la-quete-de-changement-du-peuple-20230620\" target=\"_blank\" rel=\"noreferrer noopener\"><img loading=\"lazy\" decoding=\"async\" width=\"611\" height=\"82\" src=\"https:\/\/cpid.fr\/wp-content\/uploads\/2023\/08\/image-611x82.png\" alt=\"\" class=\"wp-image-156\" style=\"aspect-ratio:7.489130434782608;width:899px;height:auto\"\/><\/a><\/figure>\n<\/div>\n\n\n<p class=\"has-medium-font-size\"><strong>Iran&nbsp;: plus de 360 parlementaires fran\u00e7ais soutiennent \u00abla qu\u00eate de changement\u00bb du peuple<\/strong><\/p>\n\n\n\n<p><strong><a href=\"https:\/\/www.lefigaro.fr\/flash-actu\/iran-plus-de-360-parlementaires-francais-soutiennent-la-quete-de-changement-du-peuple-20230620\">Le 20 juin 2023 \u00e0 18h51<\/a><\/strong><\/p>\n\n\n<div class=\"wp-block-image\">\n<figure class=\"aligncenter size-large is-resized\"><img loading=\"lazy\" decoding=\"async\" width=\"745\" height=\"413\" src=\"https:\/\/cpid.fr\/wp-content\/uploads\/2023\/08\/Capture2-745x413.png\" alt=\"\" class=\"wp-image-158\" style=\"width:548px;height:304px\"\/><\/figure>\n<\/div>\n\n\n<p>Unanime, l&#8217;Assembl\u00e9e nationale a adopt\u00e9 lundi une r\u00e9solution en&nbsp;<a href=\"https:\/\/www.lefigaro.fr\/international\/iran-ou-en-est-la-contestation-10-semaines-apres-la-mort-de-mahsa-amini-20221125\" target=\"_blank\" rel=\"noreferrer noopener\">\u00absoutien au peuple iranien\u00bb<\/a>, condamnant notamment la restriction des libert\u00e9s et des droits des femmes. Le d\u00e9put\u00e9 Renaissance Hadrien Ghomi, lui-m\u00eame descendant d&#8217;Iraniens, avait appel\u00e9 \u00e0 \u00ab<em>envoyer un message fort<\/em>\u00bb par le vote de ce texte de la majorit\u00e9, au menu d&#8217;une semaine d\u00e9di\u00e9e aux initiatives parlementaires. Il a recueilli les voix des 149 d\u00e9put\u00e9s votants, sous les applaudissements de l&#8217;ensemble de l&#8217;h\u00e9micycle.<\/p>\n\n\n\n<p>\u00ab<em>Alors que plus de 750 manifestants ont \u00e9t\u00e9 tu\u00e9s, et 30.000 arr\u00eat\u00e9s par le r\u00e9gime des Mollahs, la communaut\u00e9 internationale doit prendre sa part de responsabilit\u00e9<\/em>\u00bb, appellent les signataires, contact\u00e9s ces derniers mois par le <a href=\"https:\/\/cpid.fr\/index.php\/qui-sommes-nous\/\" data-type=\"link\" data-id=\"https:\/\/cpid.fr\/index.php\/qui-sommes-nous\/\">Comit\u00e9 parlementaire pour un Iran d\u00e9mocratique<\/a> (CPID).<\/p>\n\n\n\n<p><\/p>\n\n\n\n<hr class=\"wp-block-separator has-alpha-channel-opacity is-style-wide\"\/>\n\n\n\n<p class=\"has-medium-font-size\">La Revue Parlementaire &#8211; 25 June 2023: <strong><a href=\"https:\/\/www.larevueparlementaire.fr\/articles-revue-parlementaire\/4346-azadeh-alemi-soutien-de-la-majorite-des-deputes-a-la-liberte-en-iran-et-au-plan-en-dix-points-de-la-resistance-iranienne\" data-type=\"link\" data-id=\"https:\/\/www.larevueparlementaire.fr\/articles-revue-parlementaire\/4346-azadeh-alemi-soutien-de-la-majorite-des-deputes-a-la-liberte-en-iran-et-au-plan-en-dix-points-de-la-resistance-iranienne\">Soutien de la majorit\u00e9 des d\u00e9put\u00e9s \u00e0 la libert\u00e9 en Iran et au plan en dix points de la R\u00e9sistance iranienne<\/a><\/strong><\/p>\n\n\n\n<p>&nbsp;<\/p>\n\n\n\n<figure class=\"wp-block-image size-full is-resized\"><img loading=\"lazy\" decoding=\"async\" width=\"2474\" height=\"3057\" src=\"https:\/\/cpid.fr\/wp-content\/uploads\/2023\/09\/image-2.png\" alt=\"\" class=\"wp-image-345\" style=\"aspect-ratio:0.8092901537455022;width:840px;height:auto\" srcset=\"https:\/\/cpid.fr\/wp-content\/uploads\/2023\/09\/image-2.png 2474w, https:\/\/cpid.fr\/wp-content\/uploads\/2023\/09\/image-2-768x948.png 768w\" sizes=\"(max-width: 2474px) 100vw, 2474px\" \/><\/figure>\n\n\n\n<p><\/p>\n","protected":false},"excerpt":{"rendered":"<p>12-13 julliet 2025 Iran: 159 d\u00e9put\u00e9s fran\u00e7ais appellent \u00e0 une \u00ab&nbsp;alternative d\u00e9mocratique&nbsp;\u00bb Agence France-Presse 8 juillet 2025 \u00e0 18h27 Quelque 159 d\u00e9put\u00e9s d\u00e9put\u00e9s fran\u00e7ais ont appel\u00e9 dans une d\u00e9claration \u00e0 soutenir \u00ab&nbsp;une alternative d\u00e9mocratique&nbsp;\u00bb en Iran, a annonc\u00e9 mardi le &hellip; <a href=\"https:\/\/cpid.fr\/index.php\/activities\/\">Continued<\/a><\/p>\n","protected":false},"author":2,"featured_media":0,"parent":0,"menu_order":0,"comment_status":"closed","ping_status":"closed","template":"","meta":{"footnotes":""},"class_list":["post-9","page","type-page","status-publish","hentry"],"_links":{"self":[{"href":"https:\/\/cpid.fr\/index.php\/wp-json\/wp\/v2\/pages\/9","targetHints":{"allow":["GET"]}}],"collection":[{"href":"https:\/\/cpid.fr\/index.php\/wp-json\/wp\/v2\/pages"}],"about":[{"href":"https:\/\/cpid.fr\/index.php\/wp-json\/wp\/v2\/types\/page"}],"author":[{"embeddable":true,"href":"https:\/\/cpid.fr\/index.php\/wp-json\/wp\/v2\/users\/2"}],"replies":[{"embeddable":true,"href":"https:\/\/cpid.fr\/index.php\/wp-json\/wp\/v2\/comments?post=9"}],"version-history":[{"count":36,"href":"https:\/\/cpid.fr\/index.php\/wp-json\/wp\/v2\/pages\/9\/revisions"}],"predecessor-version":[{"id":490,"href":"https:\/\/cpid.fr\/index.php\/wp-json\/wp\/v2\/pages\/9\/revisions\/490"}],"wp:attachment":[{"href":"https:\/\/cpid.fr\/index.php\/wp-json\/wp\/v2\/media?parent=9"}],"curies":[{"name":"wp","href":"https:\/\/api.w.org\/{rel}","templated":true}]}}